{"id":7338,"date":"2022-07-11T11:41:50","date_gmt":"2022-07-11T11:41:50","guid":{"rendered":"https:\/\/www.aromeprod2.com\/?post_type=product&#038;p=7338"},"modified":"2024-03-28T14:45:09","modified_gmt":"2024-03-28T14:45:09","slug":"schwarzkirschenkonfituere","status":"publish","type":"product","link":"https:\/\/www.lesdelicesdeprovence.ch\/de\/produits\/schwarzkirschenkonfituere\/","title":{"rendered":"Schwarzkirschenkonfit\u00fcre"},"content":{"rendered":"<p>Wir haben uns f\u00fcr die Zusammenarbeit mit diesem handwerklichen Konfit\u00fcrenhersteller entschieden, weil er im Gegensatz zu manchen anderen immer mindestens 60 % Fruchtanteil in seine Konfit\u00fcren einbringt. Er st\u00fctzt sich n\u00e4mlich auf hochwertige Zutaten, die von Grund auf gut ges\u00fc\u00dft sind. Und die schwarze Kirschkonfit\u00fcre ist das perfekte Beispiel daf\u00fcr: Diese Kirsche, die Noire de Meched, eine Bigarreaux-Sorte, mit ihrer d\u00fcnnen, schwarzen Schale hat einen hohen Zuckergehalt.<\/p>\n<p>So kann man eine gesunde und gleichzeitig leckere Marmelade herstellen!<\/p>\n<p><strong>Zutaten: Kirschen (63%), Zucker, Pektin, Zitronensaft.<\/strong><\/p>\n<p><strong>Inhalt: 345g<\/strong><\/p>\n<p>&nbsp;<\/p>\n","protected":false},"excerpt":{"rendered":"<p>Eine aus dieser typisch provenzalischen Kirschsorte zusammengestellte Konfit\u00fcre, die gut ges\u00fc\u00dft und wohlschmeckend ist.<\/p>\n","protected":false},"featured_media":8408,"template":"","meta":[],"product_cat":[687],"product_tag":[],"class_list":{"0":"post-7338","1":"product","2":"type-product","3":"status-publish","4":"has-post-thumbnail","6":"product_cat-konfituren-und-brotaufstriche","8":"first","9":"instock","10":"taxable","11":"shipping-taxable","12":"purchasable","13":"product-type-simple"},"yoast_head":"<!-- This site is optimized with the Yoast SEO plugin v27.2 - https:\/\/yoast.com\/product\/yoast-seo-wordpress\/ -->\n<title>Schwarzkirschenkonfit\u00fcre<\/title>\n<meta name=\"description\" content=\"Eine aus dieser typisch provenzalischen Kirschsorte zusammengestellte Konfit\u00fcre, die gut ges\u00fc\u00dft und wohlschmeckend ist.\" \/>\n<meta name=\"robots\" content=\"index, follow, max-snippet:-1, max-image-preview:large, max-video-preview:-1\" \/>\n<link rel=\"canonical\" href=\"https:\/\/www.lesdelicesdeprovence.ch\/de\/produits\/schwarzkirschenkonfituere\/\" \/>\n<meta property=\"og:locale\" content=\"de_DE\" \/>\n<meta property=\"og:type\" content=\"article\" \/>\n<meta property=\"og:title\" content=\"Schwarzkirschenkonfit\u00fcre\" \/>\n<meta property=\"og:description\" content=\"Eine aus dieser typisch provenzalischen Kirschsorte zusammengestellte Konfit\u00fcre, die gut ges\u00fc\u00dft und wohlschmeckend ist.\" \/>\n<meta property=\"og:url\" content=\"https:\/\/www.lesdelicesdeprovence.ch\/de\/produits\/schwarzkirschenkonfituere\/\" \/>\n<meta property=\"og:site_name\" content=\"Les D\u00e9lices de Provence\" \/>\n<meta property=\"article:modified_time\" content=\"2024-03-28T14:45:09+00:00\" \/>\n<meta property=\"og:image\" content=\"http:\/\/www.lesdelicesdeprovence.ch\/wp-content\/uploads\/2022\/07\/IMG_6332.jpg\" \/>\n\t<meta property=\"og:image:width\" content=\"2024\" \/>\n\t<meta property=\"og:image:height\" content=\"2473\" \/>\n\t<meta property=\"og:image:type\" content=\"image\/jpeg\" \/>\n<meta name=\"twitter:card\" content=\"summary_large_image\" \/>\n<meta name=\"twitter:label1\" content=\"Gesch\u00e4tzte Lesezeit\" \/>\n\t<meta name=\"twitter:data1\" content=\"1\u00a0Minute\" \/>\n<script type=\"application\/ld+json\" class=\"yoast-schema-graph\">{\"@context\":\"https:\/\/schema.org\",\"@graph\":[{\"@type\":\"WebPage\",\"@id\":\"https:\/\/www.lesdelicesdeprovence.ch\/de\/produits\/schwarzkirschenkonfituere\/\",\"url\":\"https:\/\/www.lesdelicesdeprovence.ch\/de\/produits\/schwarzkirschenkonfituere\/\",\"name\":\"Schwarzkirschenkonfit\u00fcre\",\"isPartOf\":{\"@id\":\"https:\/\/www.lesdelicesdeprovence.ch\/de\/#website\"},\"primaryImageOfPage\":{\"@id\":\"https:\/\/www.lesdelicesdeprovence.ch\/de\/produits\/schwarzkirschenkonfituere\/#primaryimage\"},\"image\":{\"@id\":\"https:\/\/www.lesdelicesdeprovence.ch\/de\/produits\/schwarzkirschenkonfituere\/#primaryimage\"},\"thumbnailUrl\":\"https:\/\/www.lesdelicesdeprovence.ch\/wp-content\/uploads\/2022\/07\/IMG_6332.jpg\",\"datePublished\":\"2022-07-11T11:41:50+00:00\",\"dateModified\":\"2024-03-28T14:45:09+00:00\",\"description\":\"Eine aus dieser typisch provenzalischen Kirschsorte zusammengestellte Konfit\u00fcre, die gut ges\u00fc\u00dft und wohlschmeckend ist.\",\"breadcrumb\":{\"@id\":\"https:\/\/www.lesdelicesdeprovence.ch\/de\/produits\/schwarzkirschenkonfituere\/#breadcrumb\"},\"inLanguage\":\"de\",\"potentialAction\":[{\"@type\":\"ReadAction\",\"target\":[\"https:\/\/www.lesdelicesdeprovence.ch\/de\/produits\/schwarzkirschenkonfituere\/\"]}]},{\"@type\":\"ImageObject\",\"inLanguage\":\"de\",\"@id\":\"https:\/\/www.lesdelicesdeprovence.ch\/de\/produits\/schwarzkirschenkonfituere\/#primaryimage\",\"url\":\"https:\/\/www.lesdelicesdeprovence.ch\/wp-content\/uploads\/2022\/07\/IMG_6332.jpg\",\"contentUrl\":\"https:\/\/www.lesdelicesdeprovence.ch\/wp-content\/uploads\/2022\/07\/IMG_6332.jpg\",\"width\":2024,\"height\":2473},{\"@type\":\"BreadcrumbList\",\"@id\":\"https:\/\/www.lesdelicesdeprovence.ch\/de\/produits\/schwarzkirschenkonfituere\/#breadcrumb\",\"itemListElement\":[{\"@type\":\"ListItem\",\"position\":1,\"name\":\"Accoglienza\",\"item\":\"https:\/\/www.lesdelicesdeprovence.ch\/de\/\"},{\"@type\":\"ListItem\",\"position\":2,\"name\":\"Shop\",\"item\":\"https:\/\/www.lesdelicesdeprovence.ch\/de\/geschaeft\/\"},{\"@type\":\"ListItem\",\"position\":3,\"name\":\"Schwarzkirschenkonfit\u00fcre\"}]},{\"@type\":\"WebSite\",\"@id\":\"https:\/\/www.lesdelicesdeprovence.ch\/de\/#website\",\"url\":\"https:\/\/www.lesdelicesdeprovence.ch\/de\/\",\"name\":\"Les D\u00e9lices de Provence\",\"description\":\"Epicerie fine en ligne\",\"potentialAction\":[{\"@type\":\"SearchAction\",\"target\":{\"@type\":\"EntryPoint\",\"urlTemplate\":\"https:\/\/www.lesdelicesdeprovence.ch\/de\/?s={search_term_string}\"},\"query-input\":{\"@type\":\"PropertyValueSpecification\",\"valueRequired\":true,\"valueName\":\"search_term_string\"}}],\"inLanguage\":\"de\"}]}<\/script>\n<!-- \/ Yoast SEO plugin. -->","yoast_head_json":{"title":"Schwarzkirschenkonfit\u00fcre","description":"Eine aus dieser typisch provenzalischen Kirschsorte zusammengestellte Konfit\u00fcre, die gut ges\u00fc\u00dft und wohlschmeckend ist.","robots":{"index":"index","follow":"follow","max-snippet":"max-snippet:-1","max-image-preview":"max-image-preview:large","max-video-preview":"max-video-preview:-1"},"canonical":"https:\/\/www.lesdelicesdeprovence.ch\/de\/produits\/schwarzkirschenkonfituere\/","og_locale":"de_DE","og_type":"article","og_title":"Schwarzkirschenkonfit\u00fcre","og_description":"Eine aus dieser typisch provenzalischen Kirschsorte zusammengestellte Konfit\u00fcre, die gut ges\u00fc\u00dft und wohlschmeckend ist.","og_url":"https:\/\/www.lesdelicesdeprovence.ch\/de\/produits\/schwarzkirschenkonfituere\/","og_site_name":"Les D\u00e9lices de Provence","article_modified_time":"2024-03-28T14:45:09+00:00","og_image":[{"width":2024,"height":2473,"url":"http:\/\/www.lesdelicesdeprovence.ch\/wp-content\/uploads\/2022\/07\/IMG_6332.jpg","type":"image\/jpeg"}],"twitter_card":"summary_large_image","twitter_misc":{"Gesch\u00e4tzte Lesezeit":"1\u00a0Minute"},"schema":{"@context":"https:\/\/schema.org","@graph":[{"@type":"WebPage","@id":"https:\/\/www.lesdelicesdeprovence.ch\/de\/produits\/schwarzkirschenkonfituere\/","url":"https:\/\/www.lesdelicesdeprovence.ch\/de\/produits\/schwarzkirschenkonfituere\/","name":"Schwarzkirschenkonfit\u00fcre","isPartOf":{"@id":"https:\/\/www.lesdelicesdeprovence.ch\/de\/#website"},"primaryImageOfPage":{"@id":"https:\/\/www.lesdelicesdeprovence.ch\/de\/produits\/schwarzkirschenkonfituere\/#primaryimage"},"image":{"@id":"https:\/\/www.lesdelicesdeprovence.ch\/de\/produits\/schwarzkirschenkonfituere\/#primaryimage"},"thumbnailUrl":"https:\/\/www.lesdelicesdeprovence.ch\/wp-content\/uploads\/2022\/07\/IMG_6332.jpg","datePublished":"2022-07-11T11:41:50+00:00","dateModified":"2024-03-28T14:45:09+00:00","description":"Eine aus dieser typisch provenzalischen Kirschsorte zusammengestellte Konfit\u00fcre, die gut ges\u00fc\u00dft und wohlschmeckend ist.","breadcrumb":{"@id":"https:\/\/www.lesdelicesdeprovence.ch\/de\/produits\/schwarzkirschenkonfituere\/#breadcrumb"},"inLanguage":"de","potentialAction":[{"@type":"ReadAction","target":["https:\/\/www.lesdelicesdeprovence.ch\/de\/produits\/schwarzkirschenkonfituere\/"]}]},{"@type":"ImageObject","inLanguage":"de","@id":"https:\/\/www.lesdelicesdeprovence.ch\/de\/produits\/schwarzkirschenkonfituere\/#primaryimage","url":"https:\/\/www.lesdelicesdeprovence.ch\/wp-content\/uploads\/2022\/07\/IMG_6332.jpg","contentUrl":"https:\/\/www.lesdelicesdeprovence.ch\/wp-content\/uploads\/2022\/07\/IMG_6332.jpg","width":2024,"height":2473},{"@type":"BreadcrumbList","@id":"https:\/\/www.lesdelicesdeprovence.ch\/de\/produits\/schwarzkirschenkonfituere\/#breadcrumb","itemListElement":[{"@type":"ListItem","position":1,"name":"Accoglienza","item":"https:\/\/www.lesdelicesdeprovence.ch\/de\/"},{"@type":"ListItem","position":2,"name":"Shop","item":"https:\/\/www.lesdelicesdeprovence.ch\/de\/geschaeft\/"},{"@type":"ListItem","position":3,"name":"Schwarzkirschenkonfit\u00fcre"}]},{"@type":"WebSite","@id":"https:\/\/www.lesdelicesdeprovence.ch\/de\/#website","url":"https:\/\/www.lesdelicesdeprovence.ch\/de\/","name":"Les D\u00e9lices de Provence","description":"Epicerie fine en ligne","potentialAction":[{"@type":"SearchAction","target":{"@type":"EntryPoint","urlTemplate":"https:\/\/www.lesdelicesdeprovence.ch\/de\/?s={search_term_string}"},"query-input":{"@type":"PropertyValueSpecification","valueRequired":true,"valueName":"search_term_string"}}],"inLanguage":"de"}]}},"_links":{"self":[{"href":"https:\/\/www.lesdelicesdeprovence.ch\/de\/wp-json\/wp\/v2\/product\/7338","targetHints":{"allow":["GET"]}}],"collection":[{"href":"https:\/\/www.lesdelicesdeprovence.ch\/de\/wp-json\/wp\/v2\/product"}],"about":[{"href":"https:\/\/www.lesdelicesdeprovence.ch\/de\/wp-json\/wp\/v2\/types\/product"}],"version-history":[{"count":4,"href":"https:\/\/www.lesdelicesdeprovence.ch\/de\/wp-json\/wp\/v2\/product\/7338\/revisions"}],"predecessor-version":[{"id":13007,"href":"https:\/\/www.lesdelicesdeprovence.ch\/de\/wp-json\/wp\/v2\/product\/7338\/revisions\/13007"}],"wp:featuredmedia":[{"embeddable":true,"href":"https:\/\/www.lesdelicesdeprovence.ch\/de\/wp-json\/wp\/v2\/media\/8408"}],"wp:attachment":[{"href":"https:\/\/www.lesdelicesdeprovence.ch\/de\/wp-json\/wp\/v2\/media?parent=7338"}],"wp:term":[{"taxonomy":"product_cat","embeddable":true,"href":"https:\/\/www.lesdelicesdeprovence.ch\/de\/wp-json\/wp\/v2\/product_cat?post=7338"},{"taxonomy":"product_tag","embeddable":true,"href":"https:\/\/www.lesdelicesdeprovence.ch\/de\/wp-json\/wp\/v2\/product_tag?post=7338"}],"curies":[{"name":"wp","href":"https:\/\/api.w.org\/{rel}","templated":true}]}}